{"id":2661,"date":"2022-06-21T15:27:00","date_gmt":"2022-06-21T13:27:00","guid":{"rendered":"https:\/\/electro-test.be\/professionelen\/liften-hijs-en-hefwerktuigen\/diverse-arbeidsmiddelen\/"},"modified":"2026-03-03T16:20:06","modified_gmt":"2026-03-03T14:20:06","slug":"equipements-de-travail","status":"publish","type":"page","link":"https:\/\/electro-test.be\/fr\/professionnels\/ascenseurs-engins-de-hissage-et-levage\/equipements-de-travail\/","title":{"rendered":"\u00c9quipements de travail"},"content":{"rendered":"<section class=\"l-section wpb_row height_auto\"><div class=\"l-section-h i-cf\"><div class=\"g-cols vc_row via_flex valign_top type_default stacking_default\"><div class=\"vc_col-sm-1 wpb_column vc_column_container afterdriehoek2 m300 has_bg_color stretched\"><div class=\"vc_column-inner us_custom_fa8a5806\"><div class=\"wpb_wrapper\"><\/div><\/div><\/div><div class=\"vc_col-sm-1 wpb_column vc_column_container\"><div class=\"vc_column-inner\"><div class=\"wpb_wrapper\"><\/div><\/div><\/div><div class=\"vc_col-sm-8 wpb_column vc_column_container\"><div class=\"vc_column-inner\"><div class=\"wpb_wrapper\">[vc_raw_html el_class=\u00a0\u00bbbreadcrumb\u00a0\u00bb]JTVCd3BzZW9fYnJlYWRjcnVtYiU1RA==[\/vc_raw_html]<div class=\"w-separator size_small\"><\/div><div class=\"wpb_text_column us_custom_47e68cdb has_text_color\"><div class=\"wpb_wrapper\"><h1>Contr\u00f4le des \u00e9quipements de travail<\/h1>\n<\/div><\/div><div class=\"w-separator size_small\"><\/div><div class=\"wpb_text_column\"><div class=\"wpb_wrapper\"><p>Par \u00e9quipements de travail, il faut entendre l\u2019ensemble des machines, appareils, outils et installations utilis\u00e9s sur le lieu de travail. Bref, tout ce qui permet d\u2019ex\u00e9cuter un travail. Il est indispensable de contr\u00f4ler les \u00e9quipements de travail dans votre entreprise pour v\u00e9rifier le degr\u00e9 d\u2019usure et le bon fonctionnement de vos outils de production. Les travailleurs peuvent ainsi accomplir leurs t\u00e2ches de fa\u00e7on s\u00fbre et efficace en permanence.<\/p>\n<p>Electro-Test vous garantit un contr\u00f4le rapide et efficace des \u00e9quipements de travail dans votre entreprise. Vous perdez non seulement un minimum de temps, mais vous et vos travailleurs avez aussi l\u2019assurance de b\u00e9n\u00e9ficier de conditions de travail s\u00fbres.<\/p>\n<\/div><\/div><div class=\"w-separator size_small\"><\/div><div class=\"w-btn-wrapper align_none\"><a class=\"w-btn us-btn-style_5\" title=\"Demander un devis\" href=\"https:\/\/electro-test.be\/fr\/commander\/\"><span class=\"w-btn-label\">Demander un devis<\/span><\/a><\/div><\/div><\/div><\/div><\/div><\/div><\/section><section class=\"l-section wpb_row us_custom_c4da886a height_auto\"><div class=\"l-section-h i-cf\"><div class=\"g-cols vc_row via_flex valign_top type_default stacking_default\"><div class=\"vc_col-sm-12 wpb_column vc_column_container marginbottom0button\"><div class=\"vc_column-inner\"><div class=\"wpb_wrapper\"><div class=\"w-separator size_medium\"><\/div><div class=\"wpb_text_column us_custom_6df4bc3a has_text_color\"><div class=\"wpb_wrapper\"><h3>Besoin d\u2019un contr\u00f4le fiable des \u00e9quipements de travail dans votre entreprise\u202f?<\/h3>\n<\/div><\/div><div class=\"w-separator size_small\"><\/div><div class=\"w-btn-wrapper align_left\"><a class=\"w-btn us-btn-style_6 us_custom_0490361b\" title=\"N\u2019h\u00e9sitez pas \u00e0 nous contacter \" href=\"https:\/\/electro-test.be\/fr\/commander\/\"><span class=\"w-btn-label\">N\u2019h\u00e9sitez pas \u00e0 nous contacter<\/span><\/a><\/div><\/div><\/div><\/div><\/div><\/div><\/section><section class=\"l-section wpb_row height_auto\"><div class=\"l-section-h i-cf\"><div class=\"g-cols vc_row via_flex valign_top type_default stacking_default\"><div class=\"vc_col-sm-5 vc_col-lg-3 vc_col-md-4 vc_col-xs-12 wpb_column vc_column_container has_bg_color stretched\"><div class=\"vc_column-inner us_custom_bf287441\"><div class=\"wpb_wrapper\"><div class=\"w-image align_center\"><div class=\"w-image-h\"><img decoding=\"async\" src=\"https:\/\/electro-test.be\/wp-content\/uploads\/2022\/07\/Vraagteken-01-1.svg\" class=\"attachment-us_70_70 size-us_70_70\" alt=\"\" loading=\"lazy\" \/><\/div><\/div><div class=\"w-separator size_medium\"><\/div><div class=\"wpb_text_column us_custom_47e68cdb has_text_color\"><div class=\"wpb_wrapper\"><h2>Le contr\u00f4le des \u00e9quipements de travail de votre entreprise est-il obligatoire\u202f?<\/h2>\n<\/div><\/div><div class=\"w-separator size_small\"><\/div><div class=\"wpb_text_column listtype\"><div class=\"wpb_wrapper\"><p>En tant qu\u2019employeur, vous \u00eates l\u00e9galement tenu(e) de veiller \u00e0 ce que les \u00e9quipements de travail de votre entreprise soient pourvus de tous les dispositifs n\u00e9cessaires et utilis\u00e9s de mani\u00e8re \u00e0 n\u2019entra\u00eener aucun risque pour la sant\u00e9 et la s\u00e9curit\u00e9 des travailleurs.<\/p>\n<p>Vous devez \u00e9galement veiller \u00e0 ce que les \u00e9quipements de travail dont la s\u00e9curit\u00e9 d\u00e9pend du mode d\u2019installation (c\u2019est par exemple le cas des appareils de hissage ou de levage ou encore des machines \u00e0 souder) soient soumis \u00e0 un premier contr\u00f4le. Ce contr\u00f4le a lieu apr\u00e8s l\u2019installation et avant la mise en service ou apr\u00e8s le (re)montage \u00e0 un autre endroit. Vous avez ainsi la certitude que les \u00e9quipements de travail sont install\u00e9s correctement et fonctionnent comme il se doit. <\/p>\n<\/div><\/div><div class=\"w-separator size_small\"><\/div><\/div><\/div><\/div><div class=\"vc_col-sm-1 vc_col-lg-1 vc_hidden-md vc_hidden-sm vc_hidden-xs wpb_column vc_column_container\"><div class=\"vc_column-inner\"><div class=\"wpb_wrapper\"><\/div><\/div><\/div><div class=\"vc_col-sm-7 vc_col-lg-8 vc_col-md-8 vc_col-xs-12 wpb_column vc_column_container\"><div class=\"vc_column-inner\"><div class=\"wpb_wrapper\"><div class=\"wpb_text_column\"><div class=\"wpb_wrapper\"><h2>Pourquoi contr\u00f4ler vos \u00e9quipements de travail\u202f?<\/h2>\n<\/div><\/div><div class=\"w-separator size_small\"><\/div><div class=\"wpb_text_column\"><div class=\"wpb_wrapper\"><p>Les \u00e9quipements de travail (outils, machines et installations) ne peuvent mettre vos travailleurs en danger. Il est donc indispensable de contr\u00f4ler les \u00e9quipements de travail pour \u00e9viter les d\u00e9faillances et garantir la s\u00e9curit\u00e9 de vos travailleurs. <\/p>\n<\/div><\/div><div class=\"w-separator size_small\"><\/div><div class=\"wpb_text_column\"><div class=\"wpb_wrapper\"><h2>Comment pr\u00e9parer le contr\u00f4le des \u00e9quipements de travail dans votre entreprise\u202f?<\/h2>\n<\/div><\/div><div class=\"w-separator size_small\"><\/div><div class=\"wpb_text_column\"><div class=\"wpb_wrapper\"><p>Documents et attestations (manuel d\u2019utilisation, instructions de montage, certificat CE et autres documents) doivent \u00eatre tenus \u00e0 disposition des fonctionnaires charg\u00e9s de la surveillance. Ces documents et attestations sont transmis au Comit\u00e9 pour la pr\u00e9vention et la protection au travail. <\/p>\n<\/div><\/div><\/div><\/div><\/div><\/div><\/div><\/section><section class=\"l-section wpb_row us_custom_87af0d37 height_auto\"><div class=\"l-section-h i-cf\"><div class=\"g-cols vc_row via_flex valign_top type_default stacking_default\"><div class=\"vc_col-sm-5 wpb_column vc_column_container marginbottom0button\"><div class=\"vc_column-inner us_custom_e11ab399\"><div class=\"wpb_wrapper\"><div class=\"w-separator size_medium\"><\/div><div class=\"wpb_text_column us_custom_6df4bc3a has_text_color\"><div class=\"wpb_wrapper\"><h4>Besoin d\u2019un contr\u00f4le fiable des \u00e9quipements de travail dans votre entreprise\u202f?<\/h4>\n<\/div><\/div><div class=\"w-separator size_small\"><\/div><div class=\"w-btn-wrapper align_none\"><a class=\"w-btn us-btn-style_1 marginbottom0button\" title=\"Prenez rendez-vous maintenant \" href=\"https:\/\/electro-test.be\/fr\/commander\/\"><span class=\"w-btn-label\">Prenez rendez-vous maintenant<\/span><\/a><\/div><\/div><\/div><\/div><div class=\"vc_col-sm-7 wpb_column vc_column_container m300 has_bg_color stretched\"><div class=\"vc_column-inner us_custom_6bddd155\"><div class=\"wpb_wrapper\"><\/div><\/div><\/div><\/div><\/div><\/section><section class=\"l-section wpb_row us_custom_0ba95ac2 height_medium\"><div class=\"l-section-h i-cf\"><div class=\"g-cols vc_row via_flex valign_top type_default stacking_default\"><div class=\"vc_col-sm-12 wpb_column vc_column_container\"><div class=\"vc_column-inner\"><div class=\"wpb_wrapper\"><div class=\"wpb_text_column us_custom_47e68cdb has_text_color\"><div class=\"wpb_wrapper\"><h2>Quand faut-il contr\u00f4ler les \u00e9quipements de travail dans votre entreprise\u202f?<\/h2>\n<\/div><\/div><div class=\"w-separator size_small\"><\/div><div class=\"wpb_text_column listtype\"><div class=\"wpb_wrapper\"><p>Parall\u00e8lement \u00e0 l\u2019obligation d\u2019entretien, un contr\u00f4le suppl\u00e9mentaire doit avoir lieu dans les deux situations suivantes\u202f:<\/p>\n<ul>\n<li>lorsque la s\u00e9curit\u00e9 d\u00e9pend du mode d\u2019installation (mise en service)<\/li>\n<li>si l\u2019utilisation ou des influences ext\u00e9rieures entra\u00eenent de l\u2019usure, un vieillissement ou une d\u00e9t\u00e9rioration (contr\u00f4le p\u00e9riodique).<\/li>\n<\/ul>\n<\/div><\/div><div class=\"w-separator size_small\"><\/div><div class=\"g-cols wpb_row nodigblocksrow via_flex valign_top type_default stacking_default\" style=\"--additional-gap:10px;\"><div class=\"vc_col-sm-6 wpb_column vc_column_container has_bg_color\"><div class=\"vc_column-inner us_custom_01835446\"><div class=\"wpb_wrapper\"><div class=\"w-image lefttop align_left\"><div class=\"w-image-h\"><img decoding=\"async\" src=\"https:\/\/electro-test.be\/wp-content\/uploads\/2022\/07\/check-1.svg\" class=\"attachment-us_70_70 size-us_70_70\" alt=\"\" loading=\"lazy\" \/><\/div><\/div><div class=\"w-separator size_medium\"><\/div><div class=\"wpb_text_column us_custom_c5ac9e41\"><div class=\"wpb_wrapper\"><p><strong>Contr\u00f4le(s) p\u00e9riodique(s)<\/strong><\/p>\n<p>L\u2019utilisation et les influences ext\u00e9rieures auxquelles les \u00e9quipements de travail sont soumis peuvent \u00eatre source d\u2019usure, de vieillissement ou de d\u00e9gradation. Voil\u00e0 pourquoi les \u00e9quipements de travail doivent obligatoirement faire l\u2019objet des contr\u00f4les suivants\u202f:<\/p>\n<ul>\n<li>contr\u00f4les et\/ou essais p\u00e9riodiques<\/li>\n<li>contr\u00f4les particuliers lorsque des \u00e9v\u00e9nements exceptionnels se sont produits tels que la transformation, les accidents, les ph\u00e9nom\u00e8nes naturels ou les mises hors service de longue dur\u00e9e.<\/li>\n<\/ul>\n<p>Le contr\u00f4le p\u00e9riodique s\u2019impose donc pour v\u00e9rifier si les prescriptions de s\u00e9curit\u00e9 et de sant\u00e9 sont toujours respect\u00e9es et si, n\u00e9cessaire, les garantir \u00e0 nouveau.<\/p>\n<p>La fr\u00e9quence du contr\u00f4le p\u00e9riodique d\u00e9pend du type d\u2019\u00e9quipement de travail et de l\u2019intensit\u00e9 de son utilisation. En r\u00e8gle g\u00e9n\u00e9rale, tout \u00e9quipement de travail dont l\u2019utilisation entra\u00eene une d\u00e9gradation du point de vue de la s\u00e9curit\u00e9 doit \u00eatre contr\u00f4l\u00e9 une fois par an.<\/p>\n<\/div><\/div><div class=\"w-separator size_medium\"><\/div><\/div><\/div><\/div><div class=\"vc_col-sm-6 wpb_column vc_column_container listtype has_bg_color\"><div class=\"vc_column-inner us_custom_01835446\"><div class=\"wpb_wrapper\"><div class=\"w-image lefttop align_left\"><div class=\"w-image-h\"><img decoding=\"async\" src=\"https:\/\/electro-test.be\/wp-content\/uploads\/2022\/07\/Uitroepteken-01-01-1.svg\" class=\"attachment-us_70_70 size-us_70_70\" alt=\"\" loading=\"lazy\" \/><\/div><\/div><div class=\"w-separator size_medium\"><\/div><div class=\"wpb_text_column us_custom_c5ac9e41 listtype\"><div class=\"wpb_wrapper\"><p><strong>Contr\u00f4le lors de la mise en service<\/strong><\/p>\n<p>Lorsque la s\u00e9curit\u00e9 de l\u2019\u00e9quipement de travail d\u00e9pend du mode d\u2019installation, le contr\u00f4le doit avoir lieu\u202f:<\/p>\n<ul>\n<li>apr\u00e8s l\u2019installation<\/li>\n<li>avant que l\u2019\u00e9quipement de travail soit utilis\u00e9<\/li>\n<li>apr\u00e8s le (re)montage \u00e0 un autre endroit.<\/li>\n<\/ul>\n<p>L\u2019objectif est de d\u00e9terminer si l\u2019\u00e9quipement de travail a \u00e9t\u00e9 install\u00e9 dans les r\u00e8gles et s\u2019il fonctionne de mani\u00e8re s\u00fbre et correcte en situation de travail.<\/p>\n<\/div><\/div><div class=\"w-separator size_medium\"><\/div><\/div><\/div><\/div><\/div><\/div><\/div><\/div><\/div><\/div><\/section><section class=\"l-section wpb_row height_auto\"><div class=\"l-section-h i-cf\"><div class=\"g-cols vc_row via_flex valign_top type_default stacking_default\"><div class=\"vc_col-sm-12 wpb_column vc_column_container\"><div class=\"vc_column-inner\"><div class=\"wpb_wrapper\"><div class=\"w-separator size_medium\"><\/div><\/div><\/div><\/div><\/div><\/div><\/section><section class=\"l-section wpb_row us_custom_0d15be52 height_medium\"><div class=\"l-section-h i-cf\"><div class=\"g-cols vc_row via_flex valign_top type_default stacking_default\"><div class=\"vc_col-sm-12 wpb_column vc_column_container\"><div class=\"vc_column-inner\"><div class=\"wpb_wrapper\"><div class=\"wpb_text_column us_custom_47e68cdb has_text_color\"><div class=\"wpb_wrapper\"><h2>Que se passe-t-il apr\u00e8s le contr\u00f4le des \u00e9quipements de travail dans votre entreprise\u202f?<\/h2>\n<\/div><\/div><div class=\"w-separator size_small\"><\/div><div class=\"wpb_text_column\"><div class=\"wpb_wrapper\"><p>Apr\u00e8s le contr\u00f4le, notre inspecteur r\u00e9dige un rapport. Ce rapport constate le respect des lois en vigueur en mati\u00e8re de s\u00e9curit\u00e9 et d\u2019hygi\u00e8ne, ainsi que d\u2019autres conditions suppl\u00e9mentaires pr\u00e9vues lors du contr\u00f4le (Code du bien-\u00eatre au travail, article\u202fIV.2-8). <\/p>\n<\/div><\/div><\/div><\/div><\/div><\/div><\/div><\/section><section class=\"l-section wpb_row height_medium\"><div class=\"l-section-h i-cf\"><div class=\"g-cols vc_row via_flex valign_top type_default stacking_default\"><div class=\"vc_col-sm-6 wpb_column vc_column_container\"><div class=\"vc_column-inner\"><div class=\"wpb_wrapper\"><div class=\"wpb_text_column\"><div class=\"wpb_wrapper\"><h2>Contr\u00f4le des \u00e9quipements de travail par Electro-Test<\/h2>\n<p>Vous pouvez compter sur Electro-Test pour le contr\u00f4le des \u00e9quipements de travail dans votre entreprise. Nos inspecteurs ont le savoir-faire indispensable pour vous aider dans le cadre des contr\u00f4les p\u00e9riodiques ou du contr\u00f4le pr\u00e9alable \u00e0 la mise en service. Vous b\u00e9n\u00e9ficierez de conseils cibl\u00e9s et d\u2019une approche transparente.<\/p>\n<\/div><\/div><\/div><\/div><\/div><div class=\"vc_col-sm-1 wpb_column vc_column_container\"><div class=\"vc_column-inner\"><div class=\"wpb_wrapper\"><\/div><\/div><\/div><div class=\"vc_col-sm-5 wpb_column vc_column_container m300 has_bg_color\"><div class=\"vc_column-inner us_custom_be3fd3b1\"><div class=\"wpb_wrapper\"><\/div><\/div><\/div><\/div><\/div><\/section><section class=\"l-section wpb_row height_auto\"><div class=\"l-section-h i-cf\"><div class=\"g-cols vc_row via_flex valign_top type_default stacking_default\"><div class=\"vc_col-sm-12 wpb_column vc_column_container marginbottom0button has_bg_color\"><div class=\"vc_column-inner us_custom_7e653751\"><div class=\"wpb_wrapper\"><div class=\"w-separator size_medium\"><\/div><div class=\"wpb_text_column us_custom_6df4bc3a has_text_color\"><div class=\"wpb_wrapper\"><h3 style=\"text-align: center;\">Besoin d\u2019un contr\u00f4le fiable des \u00e9quipements de travail dans votre entreprise\u202f?<\/h3>\n<\/div><\/div><div class=\"w-separator size_small\"><\/div><div class=\"w-btn-wrapper align_center\"><a class=\"w-btn us-btn-style_6 us_custom_0490361b\" title=\"Prenez rendez-vous maintenant \" href=\"https:\/\/electro-test.be\/fr\/commander\/\"><span class=\"w-btn-label\">Prenez rendez-vous maintenant<\/span><\/a><\/div><\/div><\/div><\/div><\/div><\/div><\/section>\n","protected":false},"excerpt":{"rendered":"[vc_raw_html el_class=\"breadcrumb\"]JTVCd3BzZW9fYnJlYWRjcnVtYiU1RA==[\/vc_raw_html]Contr\u00f4le des \u00e9quipements de travail Par \u00e9quipements de travail, il faut entendre l\u2019ensemble des machines, appareils, outils et installations utilis\u00e9s sur le lieu de travail. Bref, tout ce qui permet d\u2019ex\u00e9cuter un travail. Il est indispensable de contr\u00f4ler les \u00e9quipements de travail dans votre entreprise pour v\u00e9rifier le degr\u00e9 d\u2019usure et le bon fonctionnement...","protected":false},"author":1,"featured_media":0,"parent":2646,"menu_order":3,"comment_status":"closed","ping_status":"closed","template":"","meta":{"_acf_changed":false,"footnotes":""},"class_list":["post-2661","page","type-page","status-publish","hentry"],"acf":[],"yoast_head":"<!-- This site is optimized with the Yoast SEO plugin v27.4 - https:\/\/yoast.com\/product\/yoast-seo-wordpress\/ -->\n<title>Contr\u00f4le des \u00e9quipements de travail<\/title>\n<meta name=\"description\" content=\"Contr\u00f4le des \u00e9quipements de travail par un organisme agr\u00e9\u00e9. Une solution rapide, flexible, professionnelle et proche de chez vous. Contactez-nous pour le contr\u00f4le des \u00e9quipements de travail dans votre entreprise.\" \/>\n<meta name=\"robots\" content=\"index, follow, max-snippet:-1, max-image-preview:large, max-video-preview:-1\" \/>\n<link rel=\"canonical\" href=\"https:\/\/electro-test.be\/fr\/professionnels\/ascenseurs-engins-de-hissage-et-levage\/equipements-de-travail\/\" \/>\n<meta property=\"og:locale\" content=\"fr_FR\" \/>\n<meta property=\"og:type\" content=\"article\" \/>\n<meta property=\"og:title\" content=\"Contr\u00f4le des \u00e9quipements de travail\" \/>\n<meta property=\"og:description\" content=\"Contr\u00f4le des \u00e9quipements de travail par un organisme agr\u00e9\u00e9. Une solution rapide, flexible, professionnelle et proche de chez vous. Contactez-nous pour le contr\u00f4le des \u00e9quipements de travail dans votre entreprise.\" \/>\n<meta property=\"og:url\" content=\"https:\/\/electro-test.be\/fr\/professionnels\/ascenseurs-engins-de-hissage-et-levage\/equipements-de-travail\/\" \/>\n<meta property=\"og:site_name\" content=\"Electro-Test\" \/>\n<meta property=\"article:modified_time\" content=\"2026-03-03T14:20:06+00:00\" \/>\n<meta name=\"twitter:card\" content=\"summary_large_image\" \/>\n<meta name=\"twitter:label1\" content=\"Dur\u00e9e de lecture estim\u00e9e\" \/>\n\t<meta name=\"twitter:data1\" content=\"5 minutes\" \/>\n<script type=\"application\/ld+json\" class=\"yoast-schema-graph\">{\"@context\":\"https:\\\/\\\/schema.org\",\"@graph\":[{\"@type\":\"WebPage\",\"@id\":\"https:\\\/\\\/electro-test.be\\\/fr\\\/professionnels\\\/ascenseurs-engins-de-hissage-et-levage\\\/equipements-de-travail\\\/\",\"url\":\"https:\\\/\\\/electro-test.be\\\/fr\\\/professionnels\\\/ascenseurs-engins-de-hissage-et-levage\\\/equipements-de-travail\\\/\",\"name\":\"Contr\u00f4le des \u00e9quipements de travail\",\"isPartOf\":{\"@id\":\"https:\\\/\\\/electro-test.be\\\/fr\\\/#website\"},\"datePublished\":\"2022-06-21T13:27:00+00:00\",\"dateModified\":\"2026-03-03T14:20:06+00:00\",\"description\":\"Contr\u00f4le des \u00e9quipements de travail par un organisme agr\u00e9\u00e9. Une solution rapide, flexible, professionnelle et proche de chez vous. Contactez-nous pour le contr\u00f4le des \u00e9quipements de travail dans votre entreprise.\",\"breadcrumb\":{\"@id\":\"https:\\\/\\\/electro-test.be\\\/fr\\\/professionnels\\\/ascenseurs-engins-de-hissage-et-levage\\\/equipements-de-travail\\\/#breadcrumb\"},\"inLanguage\":\"fr-FR\",\"potentialAction\":[{\"@type\":\"ReadAction\",\"target\":[\"https:\\\/\\\/electro-test.be\\\/fr\\\/professionnels\\\/ascenseurs-engins-de-hissage-et-levage\\\/equipements-de-travail\\\/\"]}]},{\"@type\":\"BreadcrumbList\",\"@id\":\"https:\\\/\\\/electro-test.be\\\/fr\\\/professionnels\\\/ascenseurs-engins-de-hissage-et-levage\\\/equipements-de-travail\\\/#breadcrumb\",\"itemListElement\":[{\"@type\":\"ListItem\",\"position\":1,\"name\":\"Professionnels\",\"item\":\"https:\\\/\\\/electro-test.be\\\/fr\\\/professionnels\\\/\"},{\"@type\":\"ListItem\",\"position\":2,\"name\":\"Ascenseurs, engins de hissage et levage\",\"item\":\"https:\\\/\\\/electro-test.be\\\/fr\\\/professionnels\\\/ascenseurs-engins-de-hissage-et-levage\\\/\"},{\"@type\":\"ListItem\",\"position\":3,\"name\":\"\u00c9quipements de travail\"}]},{\"@type\":\"WebSite\",\"@id\":\"https:\\\/\\\/electro-test.be\\\/fr\\\/#website\",\"url\":\"https:\\\/\\\/electro-test.be\\\/fr\\\/\",\"name\":\"Electro-Test\",\"description\":\"\",\"publisher\":{\"@id\":\"https:\\\/\\\/electro-test.be\\\/fr\\\/#organization\"},\"potentialAction\":[{\"@type\":\"SearchAction\",\"target\":{\"@type\":\"EntryPoint\",\"urlTemplate\":\"https:\\\/\\\/electro-test.be\\\/fr\\\/?s={search_term_string}\"},\"query-input\":{\"@type\":\"PropertyValueSpecification\",\"valueRequired\":true,\"valueName\":\"search_term_string\"}}],\"inLanguage\":\"fr-FR\"},{\"@type\":\"Organization\",\"@id\":\"https:\\\/\\\/electro-test.be\\\/fr\\\/#organization\",\"name\":\"electroTEST\",\"url\":\"https:\\\/\\\/electro-test.be\\\/fr\\\/\",\"logo\":{\"@type\":\"ImageObject\",\"inLanguage\":\"fr-FR\",\"@id\":\"https:\\\/\\\/electro-test.be\\\/fr\\\/#\\\/schema\\\/logo\\\/image\\\/\",\"url\":\"https:\\\/\\\/electro-test.be\\\/wp-content\\\/uploads\\\/2022\\\/06\\\/Logo_ET_NL-FR.svg\",\"contentUrl\":\"https:\\\/\\\/electro-test.be\\\/wp-content\\\/uploads\\\/2022\\\/06\\\/Logo_ET_NL-FR.svg\",\"width\":\"1024\",\"height\":\"1024\",\"caption\":\"electroTEST\"},\"image\":{\"@id\":\"https:\\\/\\\/electro-test.be\\\/fr\\\/#\\\/schema\\\/logo\\\/image\\\/\"}}]}<\/script>\n<!-- \/ Yoast SEO plugin. -->","yoast_head_json":{"title":"Contr\u00f4le des \u00e9quipements de travail","description":"Contr\u00f4le des \u00e9quipements de travail par un organisme agr\u00e9\u00e9. Une solution rapide, flexible, professionnelle et proche de chez vous. Contactez-nous pour le contr\u00f4le des \u00e9quipements de travail dans votre entreprise.","robots":{"index":"index","follow":"follow","max-snippet":"max-snippet:-1","max-image-preview":"max-image-preview:large","max-video-preview":"max-video-preview:-1"},"canonical":"https:\/\/electro-test.be\/fr\/professionnels\/ascenseurs-engins-de-hissage-et-levage\/equipements-de-travail\/","og_locale":"fr_FR","og_type":"article","og_title":"Contr\u00f4le des \u00e9quipements de travail","og_description":"Contr\u00f4le des \u00e9quipements de travail par un organisme agr\u00e9\u00e9. Une solution rapide, flexible, professionnelle et proche de chez vous. Contactez-nous pour le contr\u00f4le des \u00e9quipements de travail dans votre entreprise.","og_url":"https:\/\/electro-test.be\/fr\/professionnels\/ascenseurs-engins-de-hissage-et-levage\/equipements-de-travail\/","og_site_name":"Electro-Test","article_modified_time":"2026-03-03T14:20:06+00:00","twitter_card":"summary_large_image","twitter_misc":{"Dur\u00e9e de lecture estim\u00e9e":"5 minutes"},"schema":{"@context":"https:\/\/schema.org","@graph":[{"@type":"WebPage","@id":"https:\/\/electro-test.be\/fr\/professionnels\/ascenseurs-engins-de-hissage-et-levage\/equipements-de-travail\/","url":"https:\/\/electro-test.be\/fr\/professionnels\/ascenseurs-engins-de-hissage-et-levage\/equipements-de-travail\/","name":"Contr\u00f4le des \u00e9quipements de travail","isPartOf":{"@id":"https:\/\/electro-test.be\/fr\/#website"},"datePublished":"2022-06-21T13:27:00+00:00","dateModified":"2026-03-03T14:20:06+00:00","description":"Contr\u00f4le des \u00e9quipements de travail par un organisme agr\u00e9\u00e9. Une solution rapide, flexible, professionnelle et proche de chez vous. Contactez-nous pour le contr\u00f4le des \u00e9quipements de travail dans votre entreprise.","breadcrumb":{"@id":"https:\/\/electro-test.be\/fr\/professionnels\/ascenseurs-engins-de-hissage-et-levage\/equipements-de-travail\/#breadcrumb"},"inLanguage":"fr-FR","potentialAction":[{"@type":"ReadAction","target":["https:\/\/electro-test.be\/fr\/professionnels\/ascenseurs-engins-de-hissage-et-levage\/equipements-de-travail\/"]}]},{"@type":"BreadcrumbList","@id":"https:\/\/electro-test.be\/fr\/professionnels\/ascenseurs-engins-de-hissage-et-levage\/equipements-de-travail\/#breadcrumb","itemListElement":[{"@type":"ListItem","position":1,"name":"Professionnels","item":"https:\/\/electro-test.be\/fr\/professionnels\/"},{"@type":"ListItem","position":2,"name":"Ascenseurs, engins de hissage et levage","item":"https:\/\/electro-test.be\/fr\/professionnels\/ascenseurs-engins-de-hissage-et-levage\/"},{"@type":"ListItem","position":3,"name":"\u00c9quipements de travail"}]},{"@type":"WebSite","@id":"https:\/\/electro-test.be\/fr\/#website","url":"https:\/\/electro-test.be\/fr\/","name":"Electro-Test","description":"","publisher":{"@id":"https:\/\/electro-test.be\/fr\/#organization"},"potentialAction":[{"@type":"SearchAction","target":{"@type":"EntryPoint","urlTemplate":"https:\/\/electro-test.be\/fr\/?s={search_term_string}"},"query-input":{"@type":"PropertyValueSpecification","valueRequired":true,"valueName":"search_term_string"}}],"inLanguage":"fr-FR"},{"@type":"Organization","@id":"https:\/\/electro-test.be\/fr\/#organization","name":"electroTEST","url":"https:\/\/electro-test.be\/fr\/","logo":{"@type":"ImageObject","inLanguage":"fr-FR","@id":"https:\/\/electro-test.be\/fr\/#\/schema\/logo\/image\/","url":"https:\/\/electro-test.be\/wp-content\/uploads\/2022\/06\/Logo_ET_NL-FR.svg","contentUrl":"https:\/\/electro-test.be\/wp-content\/uploads\/2022\/06\/Logo_ET_NL-FR.svg","width":"1024","height":"1024","caption":"electroTEST"},"image":{"@id":"https:\/\/electro-test.be\/fr\/#\/schema\/logo\/image\/"}}]}},"_links":{"self":[{"href":"https:\/\/electro-test.be\/fr\/wp-json\/wp\/v2\/pages\/2661","targetHints":{"allow":["GET"]}}],"collection":[{"href":"https:\/\/electro-test.be\/fr\/wp-json\/wp\/v2\/pages"}],"about":[{"href":"https:\/\/electro-test.be\/fr\/wp-json\/wp\/v2\/types\/page"}],"author":[{"embeddable":true,"href":"https:\/\/electro-test.be\/fr\/wp-json\/wp\/v2\/users\/1"}],"replies":[{"embeddable":true,"href":"https:\/\/electro-test.be\/fr\/wp-json\/wp\/v2\/comments?post=2661"}],"version-history":[{"count":3,"href":"https:\/\/electro-test.be\/fr\/wp-json\/wp\/v2\/pages\/2661\/revisions"}],"predecessor-version":[{"id":6174,"href":"https:\/\/electro-test.be\/fr\/wp-json\/wp\/v2\/pages\/2661\/revisions\/6174"}],"up":[{"embeddable":true,"href":"https:\/\/electro-test.be\/fr\/wp-json\/wp\/v2\/pages\/2646"}],"wp:attachment":[{"href":"https:\/\/electro-test.be\/fr\/wp-json\/wp\/v2\/media?parent=2661"}],"curies":[{"name":"wp","href":"https:\/\/api.w.org\/{rel}","templated":true}]}}