{"id":3228,"date":"2022-09-01T10:47:14","date_gmt":"2022-09-01T08:47:14","guid":{"rendered":"https:\/\/electro-test.be\/?page_id=3228"},"modified":"2022-12-09T11:03:28","modified_gmt":"2022-12-09T09:03:28","slug":"la-recharge-de-lelectricite-a-la-fiscalite","status":"publish","type":"page","link":"https:\/\/electro-test.be\/fr\/professionnels\/autres\/la-recharge-de-lelectricite-a-la-fiscalite\/","title":{"rendered":"La recharge de l\u2019\u00e9lectricit\u00e9 \u00e0 la fiscalit\u00e9"},"content":{"rendered":"<section class=\"l-section wpb_row height_auto\"><div class=\"l-section-h i-cf\"><div class=\"g-cols vc_row via_flex valign_top type_default stacking_default\"><div class=\"vc_col-sm-1 wpb_column vc_column_container afterdriehoek2 m300 has_bg_color stretched\"><div class=\"vc_column-inner us_custom_a637143f\"><div class=\"wpb_wrapper\"><\/div><\/div><\/div><div class=\"vc_col-sm-1 wpb_column vc_column_container\"><div class=\"vc_column-inner\"><div class=\"wpb_wrapper\"><\/div><\/div><\/div><div class=\"vc_col-sm-8 wpb_column vc_column_container\"><div class=\"vc_column-inner\"><div class=\"wpb_wrapper\">[vc_raw_html el_class=\u00a0\u00bbbreadcrumb\u00a0\u00bb]JTVCd3BzZW9fYnJlYWRjcnVtYiU1RA==[\/vc_raw_html]<div class=\"w-separator size_small\"><\/div><div class=\"wpb_text_column us_custom_47e68cdb has_text_color\"><div class=\"wpb_wrapper\"><h1>La recharge de l\u2019\u00e9lectricit\u00e9 \u00e0 la fiscalit\u00e9<\/h1>\n<\/div><\/div><div class=\"w-separator size_small\"><\/div><div class=\"wpb_text_column\"><div class=\"wpb_wrapper\"><p>Particuliers ou professionnels, Build &amp; Energy vous aide \u00e0 trouver la solution de recharge id\u00e9ale.<\/p>\n<p>Le march\u00e9 automobile belge se concentre de plus en plus sur la conduite \u00e9lectrique. Par cons\u00e9quent, ce mode de d\u00e9placement devient chaque jour abordable pour tous.<br \/>\nBien s\u00fbr, l&rsquo;achat d&rsquo;un v\u00e9hicule \u00e9lectrique n\u2019est que la premi\u00e8re \u00e9tape de cette transition&#8230;<\/p>\n<\/div><\/div><div class=\"w-separator size_small\"><\/div><div class=\"w-btn-wrapper align_none\"><a class=\"w-btn us-btn-style_5\" title=\"Vraag een offerte\" href=\"https:\/\/electro-test.be\/bestellen\/\"><span class=\"w-btn-label\">Vraag een offerte<\/span><\/a><\/div><\/div><\/div><\/div><\/div><\/div><\/section><section class=\"l-section wpb_row us_custom_c4da886a height_auto\"><div class=\"l-section-h i-cf\"><div class=\"g-cols vc_row via_flex valign_top type_default stacking_default\"><div class=\"vc_col-sm-12 wpb_column vc_column_container marginbottom0button\"><div class=\"vc_column-inner\"><div class=\"wpb_wrapper\"><div class=\"w-separator size_medium\"><\/div><div class=\"wpb_text_column us_custom_6df4bc3a has_text_color\"><div class=\"wpb_wrapper\"><h3>Particuliers ou professionnels, Build &amp; Energy vous aide \u00e0 trouver la solution de recharge id\u00e9ale.<\/h3>\n<\/div><\/div><div class=\"w-separator size_small\"><\/div><div class=\"w-btn-wrapper align_left\"><a class=\"w-btn us-btn-style_6 us_custom_0490361b\" title=\"Demande de devis\" href=\"https:\/\/electro-test.be\/fr\/commander\/\"><span class=\"w-btn-label\">Demande de devis<\/span><\/a><\/div><\/div><\/div><\/div><\/div><\/div><\/section><section class=\"l-section wpb_row height_auto\"><div class=\"l-section-h i-cf\"><div class=\"g-cols vc_row via_flex valign_top type_default stacking_default\"><div class=\"vc_col-sm-12 vc_col-lg-12 vc_col-md-12 vc_col-xs-12 wpb_column vc_column_container\"><div class=\"vc_column-inner\"><div class=\"wpb_wrapper\"><div class=\"wpb_text_column\"><div class=\"wpb_wrapper\"><h2>Build &amp; Energy heeft zich als specialist in energie reeds verdiept in het wel en wee van het elektrisch rijden.<\/h2>\n<\/div><\/div><div class=\"w-separator size_small\"><\/div><div class=\"g-cols wpb_row nodigblocksrow via_flex valign_top type_default stacking_default\" style=\"--additional-gap:10px;\"><div class=\"vc_col-sm-4 wpb_column vc_column_container afterdriehoek3 has_bg_color\"><div class=\"vc_column-inner us_custom_d5ddde31\"><div class=\"wpb_wrapper\"><div class=\"w-image lefttop align_left\"><div class=\"w-image-h\"><img decoding=\"async\" src=\"https:\/\/electro-test.be\/wp-content\/uploads\/2022\/07\/Vraagteken-01-1.svg\" class=\"attachment-us_70_70 size-us_70_70\" alt=\"\" loading=\"lazy\" \/><\/div><\/div><div class=\"w-separator size_medium\"><\/div><div class=\"wpb_text_column us_custom_c8b9dfc4 zindex99 relative has_text_color\"><div class=\"wpb_wrapper\"><p>Vous souhaitez que votre entreprise ou vous-m\u00eame passiez au \u00ab\u00a0<strong>vert<\/strong>\u00a0\u00bb ?<\/p>\n<\/div><\/div><div class=\"w-separator size_medium\"><\/div><\/div><\/div><\/div><div class=\"vc_col-sm-4 wpb_column vc_column_container afterdriehoek3 has_bg_color\"><div class=\"vc_column-inner us_custom_e560f9bb\"><div class=\"wpb_wrapper\"><div class=\"w-image lefttop align_left\"><div class=\"w-image-h\"><img decoding=\"async\" src=\"https:\/\/electro-test.be\/wp-content\/uploads\/2022\/07\/Vraagteken-01-1.svg\" class=\"attachment-us_70_70 size-us_70_70\" alt=\"\" loading=\"lazy\" \/><\/div><\/div><div class=\"w-separator size_medium\"><\/div><div class=\"wpb_text_column us_custom_c8b9dfc4 zindex99 relative has_text_color\"><div class=\"wpb_wrapper\"><p>Vous avez des doutes sur la <strong>faisabilit\u00e9 fiscale<\/strong> de votre investissement ?<\/p>\n<\/div><\/div><div class=\"w-separator size_medium\"><\/div><\/div><\/div><\/div><div class=\"vc_col-sm-4 wpb_column vc_column_container afterdriehoek3 has_bg_color\"><div class=\"vc_column-inner us_custom_e560f9bb\"><div class=\"wpb_wrapper\"><div class=\"w-image lefttop align_left\"><div class=\"w-image-h\"><img decoding=\"async\" src=\"https:\/\/electro-test.be\/wp-content\/uploads\/2022\/07\/Vraagteken-01-1.svg\" class=\"attachment-us_70_70 size-us_70_70\" alt=\"\" loading=\"lazy\" \/><\/div><\/div><div class=\"w-separator size_medium\"><\/div><div class=\"wpb_text_column us_custom_c8b9dfc4 zindex99 relative has_text_color\"><div class=\"wpb_wrapper\"><p>Vous ne savez pas quels sont les <strong>avantages<\/strong> et les <strong>inconv\u00e9nients<\/strong> ?<\/p>\n<\/div><\/div><div class=\"w-separator size_medium\"><\/div><\/div><\/div><\/div><\/div><div class=\"w-separator size_small\"><\/div><div class=\"g-cols wpb_row nodigblocksrow via_flex valign_top type_default stacking_default\" style=\"--additional-gap:10px;\"><div class=\"vc_col-sm-4 wpb_column vc_column_container afterdriehoek3 has_bg_color\"><div class=\"vc_column-inner us_custom_d5ddde31\"><div class=\"wpb_wrapper\"><div class=\"w-image lefttop align_left\"><div class=\"w-image-h\"><img decoding=\"async\" src=\"https:\/\/electro-test.be\/wp-content\/uploads\/2022\/07\/Vraagteken-01-1.svg\" class=\"attachment-us_70_70 size-us_70_70\" alt=\"\" loading=\"lazy\" \/><\/div><\/div><div class=\"w-separator size_medium\"><\/div><div class=\"wpb_text_column us_custom_c8b9dfc4 zindex99 relative has_text_color\"><div class=\"wpb_wrapper\"><p>La <strong>recharge \u00e9lectrique<\/strong> dans votre maison ou votre entreprise est-elle possible ?<\/p>\n<\/div><\/div><div class=\"w-separator size_medium\"><\/div><\/div><\/div><\/div><div class=\"vc_col-sm-4 wpb_column vc_column_container afterdriehoek3 has_bg_color\"><div class=\"vc_column-inner us_custom_e560f9bb\"><div class=\"wpb_wrapper\"><div class=\"w-image lefttop align_left\"><div class=\"w-image-h\"><img decoding=\"async\" src=\"https:\/\/electro-test.be\/wp-content\/uploads\/2022\/07\/Vraagteken-01-1.svg\" class=\"attachment-us_70_70 size-us_70_70\" alt=\"\" loading=\"lazy\" \/><\/div><\/div><div class=\"w-separator size_medium\"><\/div><div class=\"wpb_text_column us_custom_c8b9dfc4 zindex99 relative has_text_color\"><div class=\"wpb_wrapper\"><p>Vous ne savez pas quelles sont <strong>les d\u00e9marches<\/strong> \u00e0 entamer ?<\/p>\n<\/div><\/div><div class=\"w-separator size_medium\"><\/div><\/div><\/div><\/div><div class=\"vc_col-sm-4 wpb_column vc_column_container has_bg_color\"><div class=\"vc_column-inner us_custom_e560f9bb\"><div class=\"wpb_wrapper\"><div class=\"w-image lefttop align_left\"><div class=\"w-image-h\"><img decoding=\"async\" src=\"https:\/\/electro-test.be\/wp-content\/uploads\/2022\/07\/check-1.svg\" class=\"attachment-us_70_70 size-us_70_70\" alt=\"\" loading=\"lazy\" \/><\/div><\/div><div class=\"w-separator size_medium\"><\/div><div class=\"wpb_text_column us_custom_c8b9dfc4 zindex99 relative has_text_color\"><div class=\"wpb_wrapper\"><p>Build &amp; Energy vous conseille dans la transition vers la conduite \u00e9lectrique avec <strong>la solution la plus avantageuse<\/strong> pour une solution de recharge \u00e0 votre <strong>domicile<\/strong> ou au sein de votre <strong>entreprise<\/strong>.<\/p>\n<\/div><\/div><div class=\"w-separator size_medium\"><\/div><\/div><\/div><\/div><\/div><div class=\"w-separator size_large\"><\/div><\/div><\/div><\/div><\/div><\/div><\/section><section class=\"l-section wpb_row height_auto\"><div class=\"l-section-h i-cf\"><div class=\"g-cols vc_row via_flex valign_top type_default stacking_default\"><div class=\"vc_col-sm-12 wpb_column vc_column_container marginbottom0button has_bg_color\"><div class=\"vc_column-inner us_custom_7e653751\"><div class=\"wpb_wrapper\"><div class=\"w-separator size_medium\"><\/div><div class=\"wpb_text_column us_custom_6df4bc3a has_text_color\"><div class=\"wpb_wrapper\"><h3 style=\"text-align: center;\">Vous souhaitez recevoir une offre pour des conseils concernant les bornes de recharge ?<\/h3>\n<\/div><\/div><div class=\"w-separator size_small\"><\/div><div class=\"w-btn-wrapper align_center\"><a class=\"w-btn us-btn-style_6 us_custom_0490361b\" title=\"Commander\" href=\"https:\/\/electro-test.be\/fr\/commander\/\"><span class=\"w-btn-label\">Demander votre devis ici<\/span><\/a><\/div><\/div><\/div><\/div><\/div><\/div><\/section>\n","protected":false},"excerpt":{"rendered":"[vc_raw_html el_class=\"breadcrumb\"]JTVCd3BzZW9fYnJlYWRjcnVtYiU1RA==[\/vc_raw_html]La recharge de l\u2019\u00e9lectricit\u00e9 \u00e0 la fiscalit\u00e9 Particuliers ou professionnels, Build &amp; Energy vous aide \u00e0 trouver la solution de recharge id\u00e9ale. Le march\u00e9 automobile belge se concentre de plus en plus sur la conduite \u00e9lectrique. Par cons\u00e9quent, ce mode de d\u00e9placement devient chaque jour abordable pour tous. Bien s\u00fbr, l&rsquo;achat d&rsquo;un v\u00e9hicule \u00e9lectrique...","protected":false},"author":1,"featured_media":2044,"parent":2760,"menu_order":2,"comment_status":"closed","ping_status":"closed","template":"","meta":{"_acf_changed":false,"footnotes":""},"class_list":["post-3228","page","type-page","status-publish","has-post-thumbnail","hentry"],"acf":[],"yoast_head":"<!-- This site is optimized with the Yoast SEO plugin v27.4 - https:\/\/yoast.com\/product\/yoast-seo-wordpress\/ -->\n<title>La recharge de l\u2019\u00e9lectricit\u00e9 \u00e0 la fiscalit\u00e9 - Electro-Test<\/title>\n<meta name=\"description\" content=\"Particuliers ou professionnels, Build &amp; Energy vous aide \u00e0 trouver la solution de recharge id\u00e9ale.\" \/>\n<meta name=\"robots\" content=\"index, follow, max-snippet:-1, max-image-preview:large, max-video-preview:-1\" \/>\n<link rel=\"canonical\" href=\"https:\/\/electro-test.be\/fr\/professionnels\/autres\/la-recharge-de-lelectricite-a-la-fiscalite\/\" \/>\n<meta property=\"og:locale\" content=\"fr_FR\" \/>\n<meta property=\"og:type\" content=\"article\" \/>\n<meta property=\"og:title\" content=\"La recharge de l\u2019\u00e9lectricit\u00e9 \u00e0 la fiscalit\u00e9 - Electro-Test\" \/>\n<meta property=\"og:description\" content=\"Particuliers ou professionnels, Build &amp; Energy vous aide \u00e0 trouver la solution de recharge id\u00e9ale.\" \/>\n<meta property=\"og:url\" content=\"https:\/\/electro-test.be\/fr\/professionnels\/autres\/la-recharge-de-lelectricite-a-la-fiscalite\/\" \/>\n<meta property=\"og:site_name\" content=\"Electro-Test\" \/>\n<meta property=\"article:modified_time\" content=\"2022-12-09T09:03:28+00:00\" \/>\n<meta name=\"twitter:card\" content=\"summary_large_image\" \/>\n<meta name=\"twitter:label1\" content=\"Dur\u00e9e de lecture estim\u00e9e\" \/>\n\t<meta name=\"twitter:data1\" content=\"2 minutes\" \/>\n<script type=\"application\/ld+json\" class=\"yoast-schema-graph\">{\"@context\":\"https:\\\/\\\/schema.org\",\"@graph\":[{\"@type\":\"WebPage\",\"@id\":\"https:\\\/\\\/electro-test.be\\\/fr\\\/professionnels\\\/autres\\\/la-recharge-de-lelectricite-a-la-fiscalite\\\/\",\"url\":\"https:\\\/\\\/electro-test.be\\\/fr\\\/professionnels\\\/autres\\\/la-recharge-de-lelectricite-a-la-fiscalite\\\/\",\"name\":\"La recharge de l\u2019\u00e9lectricit\u00e9 \u00e0 la fiscalit\u00e9 - Electro-Test\",\"isPartOf\":{\"@id\":\"https:\\\/\\\/electro-test.be\\\/fr\\\/#website\"},\"primaryImageOfPage\":{\"@id\":\"https:\\\/\\\/electro-test.be\\\/fr\\\/professionnels\\\/autres\\\/la-recharge-de-lelectricite-a-la-fiscalite\\\/#primaryimage\"},\"image\":{\"@id\":\"https:\\\/\\\/electro-test.be\\\/fr\\\/professionnels\\\/autres\\\/la-recharge-de-lelectricite-a-la-fiscalite\\\/#primaryimage\"},\"thumbnailUrl\":\"https:\\\/\\\/electro-test.be\\\/wp-content\\\/uploads\\\/2022\\\/09\\\/overigeicon.svg\",\"datePublished\":\"2022-09-01T08:47:14+00:00\",\"dateModified\":\"2022-12-09T09:03:28+00:00\",\"description\":\"Particuliers ou professionnels, Build & Energy vous aide \u00e0 trouver la solution de recharge id\u00e9ale.\",\"breadcrumb\":{\"@id\":\"https:\\\/\\\/electro-test.be\\\/fr\\\/professionnels\\\/autres\\\/la-recharge-de-lelectricite-a-la-fiscalite\\\/#breadcrumb\"},\"inLanguage\":\"fr-FR\",\"potentialAction\":[{\"@type\":\"ReadAction\",\"target\":[\"https:\\\/\\\/electro-test.be\\\/fr\\\/professionnels\\\/autres\\\/la-recharge-de-lelectricite-a-la-fiscalite\\\/\"]}]},{\"@type\":\"ImageObject\",\"inLanguage\":\"fr-FR\",\"@id\":\"https:\\\/\\\/electro-test.be\\\/fr\\\/professionnels\\\/autres\\\/la-recharge-de-lelectricite-a-la-fiscalite\\\/#primaryimage\",\"url\":\"https:\\\/\\\/electro-test.be\\\/wp-content\\\/uploads\\\/2022\\\/09\\\/overigeicon.svg\",\"contentUrl\":\"https:\\\/\\\/electro-test.be\\\/wp-content\\\/uploads\\\/2022\\\/09\\\/overigeicon.svg\"},{\"@type\":\"BreadcrumbList\",\"@id\":\"https:\\\/\\\/electro-test.be\\\/fr\\\/professionnels\\\/autres\\\/la-recharge-de-lelectricite-a-la-fiscalite\\\/#breadcrumb\",\"itemListElement\":[{\"@type\":\"ListItem\",\"position\":1,\"name\":\"Professionnels\",\"item\":\"https:\\\/\\\/electro-test.be\\\/fr\\\/professionnels\\\/\"},{\"@type\":\"ListItem\",\"position\":2,\"name\":\"Autres\",\"item\":\"https:\\\/\\\/electro-test.be\\\/fr\\\/professionnels\\\/autres\\\/\"},{\"@type\":\"ListItem\",\"position\":3,\"name\":\"La recharge de l\u2019\u00e9lectricit\u00e9 \u00e0 la fiscalit\u00e9\"}]},{\"@type\":\"WebSite\",\"@id\":\"https:\\\/\\\/electro-test.be\\\/fr\\\/#website\",\"url\":\"https:\\\/\\\/electro-test.be\\\/fr\\\/\",\"name\":\"Electro-Test\",\"description\":\"\",\"publisher\":{\"@id\":\"https:\\\/\\\/electro-test.be\\\/fr\\\/#organization\"},\"potentialAction\":[{\"@type\":\"SearchAction\",\"target\":{\"@type\":\"EntryPoint\",\"urlTemplate\":\"https:\\\/\\\/electro-test.be\\\/fr\\\/?s={search_term_string}\"},\"query-input\":{\"@type\":\"PropertyValueSpecification\",\"valueRequired\":true,\"valueName\":\"search_term_string\"}}],\"inLanguage\":\"fr-FR\"},{\"@type\":\"Organization\",\"@id\":\"https:\\\/\\\/electro-test.be\\\/fr\\\/#organization\",\"name\":\"electroTEST\",\"url\":\"https:\\\/\\\/electro-test.be\\\/fr\\\/\",\"logo\":{\"@type\":\"ImageObject\",\"inLanguage\":\"fr-FR\",\"@id\":\"https:\\\/\\\/electro-test.be\\\/fr\\\/#\\\/schema\\\/logo\\\/image\\\/\",\"url\":\"https:\\\/\\\/electro-test.be\\\/wp-content\\\/uploads\\\/2022\\\/06\\\/Logo_ET_NL-FR.svg\",\"contentUrl\":\"https:\\\/\\\/electro-test.be\\\/wp-content\\\/uploads\\\/2022\\\/06\\\/Logo_ET_NL-FR.svg\",\"width\":\"1024\",\"height\":\"1024\",\"caption\":\"electroTEST\"},\"image\":{\"@id\":\"https:\\\/\\\/electro-test.be\\\/fr\\\/#\\\/schema\\\/logo\\\/image\\\/\"}}]}<\/script>\n<!-- \/ Yoast SEO plugin. -->","yoast_head_json":{"title":"La recharge de l\u2019\u00e9lectricit\u00e9 \u00e0 la fiscalit\u00e9 - Electro-Test","description":"Particuliers ou professionnels, Build & Energy vous aide \u00e0 trouver la solution de recharge id\u00e9ale.","robots":{"index":"index","follow":"follow","max-snippet":"max-snippet:-1","max-image-preview":"max-image-preview:large","max-video-preview":"max-video-preview:-1"},"canonical":"https:\/\/electro-test.be\/fr\/professionnels\/autres\/la-recharge-de-lelectricite-a-la-fiscalite\/","og_locale":"fr_FR","og_type":"article","og_title":"La recharge de l\u2019\u00e9lectricit\u00e9 \u00e0 la fiscalit\u00e9 - Electro-Test","og_description":"Particuliers ou professionnels, Build & Energy vous aide \u00e0 trouver la solution de recharge id\u00e9ale.","og_url":"https:\/\/electro-test.be\/fr\/professionnels\/autres\/la-recharge-de-lelectricite-a-la-fiscalite\/","og_site_name":"Electro-Test","article_modified_time":"2022-12-09T09:03:28+00:00","twitter_card":"summary_large_image","twitter_misc":{"Dur\u00e9e de lecture estim\u00e9e":"2 minutes"},"schema":{"@context":"https:\/\/schema.org","@graph":[{"@type":"WebPage","@id":"https:\/\/electro-test.be\/fr\/professionnels\/autres\/la-recharge-de-lelectricite-a-la-fiscalite\/","url":"https:\/\/electro-test.be\/fr\/professionnels\/autres\/la-recharge-de-lelectricite-a-la-fiscalite\/","name":"La recharge de l\u2019\u00e9lectricit\u00e9 \u00e0 la fiscalit\u00e9 - Electro-Test","isPartOf":{"@id":"https:\/\/electro-test.be\/fr\/#website"},"primaryImageOfPage":{"@id":"https:\/\/electro-test.be\/fr\/professionnels\/autres\/la-recharge-de-lelectricite-a-la-fiscalite\/#primaryimage"},"image":{"@id":"https:\/\/electro-test.be\/fr\/professionnels\/autres\/la-recharge-de-lelectricite-a-la-fiscalite\/#primaryimage"},"thumbnailUrl":"https:\/\/electro-test.be\/wp-content\/uploads\/2022\/09\/overigeicon.svg","datePublished":"2022-09-01T08:47:14+00:00","dateModified":"2022-12-09T09:03:28+00:00","description":"Particuliers ou professionnels, Build & Energy vous aide \u00e0 trouver la solution de recharge id\u00e9ale.","breadcrumb":{"@id":"https:\/\/electro-test.be\/fr\/professionnels\/autres\/la-recharge-de-lelectricite-a-la-fiscalite\/#breadcrumb"},"inLanguage":"fr-FR","potentialAction":[{"@type":"ReadAction","target":["https:\/\/electro-test.be\/fr\/professionnels\/autres\/la-recharge-de-lelectricite-a-la-fiscalite\/"]}]},{"@type":"ImageObject","inLanguage":"fr-FR","@id":"https:\/\/electro-test.be\/fr\/professionnels\/autres\/la-recharge-de-lelectricite-a-la-fiscalite\/#primaryimage","url":"https:\/\/electro-test.be\/wp-content\/uploads\/2022\/09\/overigeicon.svg","contentUrl":"https:\/\/electro-test.be\/wp-content\/uploads\/2022\/09\/overigeicon.svg"},{"@type":"BreadcrumbList","@id":"https:\/\/electro-test.be\/fr\/professionnels\/autres\/la-recharge-de-lelectricite-a-la-fiscalite\/#breadcrumb","itemListElement":[{"@type":"ListItem","position":1,"name":"Professionnels","item":"https:\/\/electro-test.be\/fr\/professionnels\/"},{"@type":"ListItem","position":2,"name":"Autres","item":"https:\/\/electro-test.be\/fr\/professionnels\/autres\/"},{"@type":"ListItem","position":3,"name":"La recharge de l\u2019\u00e9lectricit\u00e9 \u00e0 la fiscalit\u00e9"}]},{"@type":"WebSite","@id":"https:\/\/electro-test.be\/fr\/#website","url":"https:\/\/electro-test.be\/fr\/","name":"Electro-Test","description":"","publisher":{"@id":"https:\/\/electro-test.be\/fr\/#organization"},"potentialAction":[{"@type":"SearchAction","target":{"@type":"EntryPoint","urlTemplate":"https:\/\/electro-test.be\/fr\/?s={search_term_string}"},"query-input":{"@type":"PropertyValueSpecification","valueRequired":true,"valueName":"search_term_string"}}],"inLanguage":"fr-FR"},{"@type":"Organization","@id":"https:\/\/electro-test.be\/fr\/#organization","name":"electroTEST","url":"https:\/\/electro-test.be\/fr\/","logo":{"@type":"ImageObject","inLanguage":"fr-FR","@id":"https:\/\/electro-test.be\/fr\/#\/schema\/logo\/image\/","url":"https:\/\/electro-test.be\/wp-content\/uploads\/2022\/06\/Logo_ET_NL-FR.svg","contentUrl":"https:\/\/electro-test.be\/wp-content\/uploads\/2022\/06\/Logo_ET_NL-FR.svg","width":"1024","height":"1024","caption":"electroTEST"},"image":{"@id":"https:\/\/electro-test.be\/fr\/#\/schema\/logo\/image\/"}}]}},"_links":{"self":[{"href":"https:\/\/electro-test.be\/fr\/wp-json\/wp\/v2\/pages\/3228","targetHints":{"allow":["GET"]}}],"collection":[{"href":"https:\/\/electro-test.be\/fr\/wp-json\/wp\/v2\/pages"}],"about":[{"href":"https:\/\/electro-test.be\/fr\/wp-json\/wp\/v2\/types\/page"}],"author":[{"embeddable":true,"href":"https:\/\/electro-test.be\/fr\/wp-json\/wp\/v2\/users\/1"}],"replies":[{"embeddable":true,"href":"https:\/\/electro-test.be\/fr\/wp-json\/wp\/v2\/comments?post=3228"}],"version-history":[{"count":2,"href":"https:\/\/electro-test.be\/fr\/wp-json\/wp\/v2\/pages\/3228\/revisions"}],"predecessor-version":[{"id":3350,"href":"https:\/\/electro-test.be\/fr\/wp-json\/wp\/v2\/pages\/3228\/revisions\/3350"}],"up":[{"embeddable":true,"href":"https:\/\/electro-test.be\/fr\/wp-json\/wp\/v2\/pages\/2760"}],"wp:featuredmedia":[{"embeddable":true,"href":"https:\/\/electro-test.be\/fr\/wp-json\/wp\/v2\/media\/2044"}],"wp:attachment":[{"href":"https:\/\/electro-test.be\/fr\/wp-json\/wp\/v2\/media?parent=3228"}],"curies":[{"name":"wp","href":"https:\/\/api.w.org\/{rel}","templated":true}]}}