{"id":5641,"date":"2025-05-06T12:20:45","date_gmt":"2025-05-06T10:20:45","guid":{"rendered":"https:\/\/electro-test.be\/?post_type=vacatures&#038;p=5641"},"modified":"2026-04-21T10:19:18","modified_gmt":"2026-04-21T08:19:18","slug":"inspecteur-electricite-installations-residentielles-bruxelles","status":"publish","type":"vacatures","link":"https:\/\/electro-test.be\/fr\/vacatures\/inspecteur-electricite-installations-residentielles-bruxelles\/","title":{"rendered":"Inspecteur \u00c9lectricit\u00e9 \u2013 Installations R\u00e9sidentielles \u2013 Bruxelles"},"content":{"rendered":"<section class=\"l-section wpb_row height_auto\"><div class=\"l-section-h i-cf\"><div class=\"g-cols vc_row via_flex valign_top type_default stacking_default\"><div class=\"vc_col-sm-12 wpb_column vc_column_container\"><div class=\"vc_column-inner\"><div class=\"wpb_wrapper\"><div class=\"wpb_text_column\"><div class=\"wpb_wrapper\"><p class=\"\" data-start=\"40\" data-end=\"380\"><strong data-start=\"40\" data-end=\"180\">Gr\u00e2ce \u00e0 une forte croissance, nous sommes \u00e0 la recherche d\u2019un inspecteur en installations r\u00e9sidentielles afin de renforcer notre \u00e9quipe.<\/strong><br data-start=\"180\" data-end=\"183\" \/>En tant qu\u2019inspecteur \u00e9lectricit\u00e9, vous effectuez, apr\u00e8s avoir suivi une formation interne, des contr\u00f4les d\u2019installations \u00e9lectriques domestiques ainsi que de petites installations non domestiques.<\/p>\n<h2 data-start=\"382\" data-end=\"402\"><strong data-start=\"382\" data-end=\"400\">VOTRE PROFIL :<\/strong><\/h2>\n<ul data-start=\"403\" data-end=\"936\">\n<li class=\"\" data-start=\"403\" data-end=\"486\">\n<p class=\"\" data-start=\"405\" data-end=\"486\">Dipl\u00f4me : A2 en \u00e9lectricit\u00e9 ou \u00e9lectrom\u00e9canique, ou \u00e9quivalent par exp\u00e9rience ;<\/p>\n<\/li>\n<li class=\"\" data-start=\"487\" data-end=\"532\">\n<p class=\"\" data-start=\"489\" data-end=\"532\">Lieu de r\u00e9sidence : r\u00e9gion de Bruxelles ;<\/p>\n<\/li>\n<li class=\"\" data-start=\"533\" data-end=\"580\">\n<p class=\"\" data-start=\"535\" data-end=\"580\">Personne communicative et orient\u00e9e client ;<\/p>\n<\/li>\n<li class=\"\" data-start=\"581\" data-end=\"593\">\n<p class=\"\" data-start=\"583\" data-end=\"593\">Motiv\u00e9 ;<\/p>\n<\/li>\n<li class=\"\" data-start=\"594\" data-end=\"632\">\n<p class=\"\" data-start=\"596\" data-end=\"632\">La flexibilit\u00e9 est indispensable ;<\/p>\n<\/li>\n<li class=\"\" data-start=\"633\" data-end=\"680\">\n<p class=\"\" data-start=\"635\" data-end=\"680\">Sens de l\u2019initiative et de l\u2019organisation ;<\/p>\n<\/li>\n<li class=\"\" data-start=\"681\" data-end=\"765\">\n<p class=\"\" data-start=\"683\" data-end=\"765\">Tr\u00e8s bonne connaissance du n\u00e9erlandais et connaissance \u00e9l\u00e9mentaire du fran\u00e7ais ;<\/p>\n<\/li>\n<li class=\"\" data-start=\"766\" data-end=\"834\">\n<p class=\"\" data-start=\"768\" data-end=\"834\">Ma\u00eetrise pratique de l\u2019ordinateur (MS Mail, MS Word, MS Excel) ;<\/p>\n<\/li>\n<li class=\"\" data-start=\"835\" data-end=\"892\">\n<p class=\"\" data-start=\"837\" data-end=\"892\">Une exp\u00e9rience dans le secteur est un atout certain ;<\/p>\n<\/li>\n<li class=\"\" data-start=\"893\" data-end=\"936\">\n<p class=\"\" data-start=\"895\" data-end=\"936\">Permis de conduire B en votre possession.<\/p>\n<\/li>\n<\/ul>\n<h2 data-start=\"938\" data-end=\"957\"><strong data-start=\"938\" data-end=\"955\">NOTRE OFFRE :<\/strong><\/h2>\n<ul>\n<li>Vous int\u00e9grez une entreprise \u00e0 taille humaine, tout en profitant des perspectives d\u2019\u00e9volution et des ressources d\u2019un groupe international ;<\/li>\n<li data-start=\"960\" data-end=\"1120\">Vous travaillerez avec des coll\u00e8gues exp\u00e9riment\u00e9s et passionn\u00e9s, experts dans leur domaine ;<\/li>\n<li data-start=\"1123\" data-end=\"1171\">Un travail autonome avec des responsabilit\u00e9s ;<\/li>\n<li data-start=\"1174\" data-end=\"1208\">Un emploi passionnant et vari\u00e9 ;<\/li>\n<li data-start=\"1211\" data-end=\"1234\">Formations internes ;<\/li>\n<li data-start=\"1237\" data-end=\"1362\">Un salaire attractif pour une fonction stimulante, compl\u00e9t\u00e9 par un package d\u2019avantages extral\u00e9gaux et une voiture de soci\u00e9t\u00e9.<\/li>\n<\/ul>\n<p data-start=\"1364\" data-end=\"1464\"><strong data-start=\"1364\" data-end=\"1382\">INT\u00c9RESS\u00c9(E) ?<\/strong><br data-start=\"1382\" data-end=\"1385\" \/>Envoyez-nous votre CV par email \u00e0 l\u2019adresse suivante : <strong data-start=\"1440\" data-end=\"1464\"><a class=\"cursor-pointer\" rel=\"noopener\" data-start=\"1442\" data-end=\"1462\">jobs@electro-test.be<\/a><\/strong><\/p>\n<\/div><\/div><\/div><\/div><\/div><\/div><\/div><\/section>\n","protected":false},"featured_media":5635,"template":"","class_list":["post-5641","vacatures","type-vacatures","status-publish","has-post-thumbnail","hentry"],"acf":[],"yoast_head":"<!-- This site is optimized with the Yoast SEO plugin v27.4 - https:\/\/yoast.com\/product\/yoast-seo-wordpress\/ -->\n<title>Inspecteur \u00c9lectricit\u00e9 \u2013 Installations R\u00e9sidentielles \u2013 Bruxelles - Electro-Test<\/title>\n<meta name=\"robots\" content=\"index, follow, max-snippet:-1, max-image-preview:large, max-video-preview:-1\" \/>\n<link rel=\"canonical\" href=\"https:\/\/electro-test.be\/fr\/vacatures\/inspecteur-electricite-installations-residentielles-bruxelles\/\" \/>\n<meta property=\"og:locale\" content=\"fr_FR\" \/>\n<meta property=\"og:type\" content=\"article\" \/>\n<meta property=\"og:title\" content=\"Inspecteur \u00c9lectricit\u00e9 \u2013 Installations R\u00e9sidentielles \u2013 Bruxelles - Electro-Test\" \/>\n<meta property=\"og:url\" content=\"https:\/\/electro-test.be\/fr\/vacatures\/inspecteur-electricite-installations-residentielles-bruxelles\/\" \/>\n<meta property=\"og:site_name\" content=\"Electro-Test\" \/>\n<meta property=\"article:modified_time\" content=\"2026-04-21T08:19:18+00:00\" \/>\n<meta property=\"og:image\" content=\"https:\/\/electro-test.be\/wp-content\/uploads\/2025\/05\/DSC00574-scaled.jpg\" \/>\n\t<meta property=\"og:image:width\" content=\"2000\" \/>\n\t<meta property=\"og:image:height\" content=\"1333\" \/>\n\t<meta property=\"og:image:type\" content=\"image\/jpeg\" \/>\n<meta name=\"twitter:card\" content=\"summary_large_image\" \/>\n<meta name=\"twitter:label1\" content=\"Dur\u00e9e de lecture estim\u00e9e\" \/>\n\t<meta name=\"twitter:data1\" content=\"2 minutes\" \/>\n<script type=\"application\/ld+json\" class=\"yoast-schema-graph\">{\"@context\":\"https:\\\/\\\/schema.org\",\"@graph\":[{\"@type\":\"WebPage\",\"@id\":\"https:\\\/\\\/electro-test.be\\\/fr\\\/vacatures\\\/inspecteur-electricite-installations-residentielles-bruxelles\\\/\",\"url\":\"https:\\\/\\\/electro-test.be\\\/fr\\\/vacatures\\\/inspecteur-electricite-installations-residentielles-bruxelles\\\/\",\"name\":\"Inspecteur \u00c9lectricit\u00e9 \u2013 Installations R\u00e9sidentielles \u2013 Bruxelles - Electro-Test\",\"isPartOf\":{\"@id\":\"https:\\\/\\\/electro-test.be\\\/fr\\\/#website\"},\"primaryImageOfPage\":{\"@id\":\"https:\\\/\\\/electro-test.be\\\/fr\\\/vacatures\\\/inspecteur-electricite-installations-residentielles-bruxelles\\\/#primaryimage\"},\"image\":{\"@id\":\"https:\\\/\\\/electro-test.be\\\/fr\\\/vacatures\\\/inspecteur-electricite-installations-residentielles-bruxelles\\\/#primaryimage\"},\"thumbnailUrl\":\"https:\\\/\\\/electro-test.be\\\/wp-content\\\/uploads\\\/2025\\\/05\\\/DSC00574-scaled.jpg\",\"datePublished\":\"2025-05-06T10:20:45+00:00\",\"dateModified\":\"2026-04-21T08:19:18+00:00\",\"inLanguage\":\"fr-FR\",\"potentialAction\":[{\"@type\":\"ReadAction\",\"target\":[\"https:\\\/\\\/electro-test.be\\\/fr\\\/vacatures\\\/inspecteur-electricite-installations-residentielles-bruxelles\\\/\"]}]},{\"@type\":\"ImageObject\",\"inLanguage\":\"fr-FR\",\"@id\":\"https:\\\/\\\/electro-test.be\\\/fr\\\/vacatures\\\/inspecteur-electricite-installations-residentielles-bruxelles\\\/#primaryimage\",\"url\":\"https:\\\/\\\/electro-test.be\\\/wp-content\\\/uploads\\\/2025\\\/05\\\/DSC00574-scaled.jpg\",\"contentUrl\":\"https:\\\/\\\/electro-test.be\\\/wp-content\\\/uploads\\\/2025\\\/05\\\/DSC00574-scaled.jpg\",\"width\":2000,\"height\":1333},{\"@type\":\"WebSite\",\"@id\":\"https:\\\/\\\/electro-test.be\\\/fr\\\/#website\",\"url\":\"https:\\\/\\\/electro-test.be\\\/fr\\\/\",\"name\":\"Electro-Test\",\"description\":\"\",\"publisher\":{\"@id\":\"https:\\\/\\\/electro-test.be\\\/fr\\\/#organization\"},\"potentialAction\":[{\"@type\":\"SearchAction\",\"target\":{\"@type\":\"EntryPoint\",\"urlTemplate\":\"https:\\\/\\\/electro-test.be\\\/fr\\\/?s={search_term_string}\"},\"query-input\":{\"@type\":\"PropertyValueSpecification\",\"valueRequired\":true,\"valueName\":\"search_term_string\"}}],\"inLanguage\":\"fr-FR\"},{\"@type\":\"Organization\",\"@id\":\"https:\\\/\\\/electro-test.be\\\/fr\\\/#organization\",\"name\":\"electroTEST\",\"url\":\"https:\\\/\\\/electro-test.be\\\/fr\\\/\",\"logo\":{\"@type\":\"ImageObject\",\"inLanguage\":\"fr-FR\",\"@id\":\"https:\\\/\\\/electro-test.be\\\/fr\\\/#\\\/schema\\\/logo\\\/image\\\/\",\"url\":\"https:\\\/\\\/electro-test.be\\\/wp-content\\\/uploads\\\/2022\\\/06\\\/Logo_ET_NL-FR.svg\",\"contentUrl\":\"https:\\\/\\\/electro-test.be\\\/wp-content\\\/uploads\\\/2022\\\/06\\\/Logo_ET_NL-FR.svg\",\"width\":\"1024\",\"height\":\"1024\",\"caption\":\"electroTEST\"},\"image\":{\"@id\":\"https:\\\/\\\/electro-test.be\\\/fr\\\/#\\\/schema\\\/logo\\\/image\\\/\"}}]}<\/script>\n<!-- \/ Yoast SEO plugin. -->","yoast_head_json":{"title":"Inspecteur \u00c9lectricit\u00e9 \u2013 Installations R\u00e9sidentielles \u2013 Bruxelles - Electro-Test","robots":{"index":"index","follow":"follow","max-snippet":"max-snippet:-1","max-image-preview":"max-image-preview:large","max-video-preview":"max-video-preview:-1"},"canonical":"https:\/\/electro-test.be\/fr\/vacatures\/inspecteur-electricite-installations-residentielles-bruxelles\/","og_locale":"fr_FR","og_type":"article","og_title":"Inspecteur \u00c9lectricit\u00e9 \u2013 Installations R\u00e9sidentielles \u2013 Bruxelles - Electro-Test","og_url":"https:\/\/electro-test.be\/fr\/vacatures\/inspecteur-electricite-installations-residentielles-bruxelles\/","og_site_name":"Electro-Test","article_modified_time":"2026-04-21T08:19:18+00:00","og_image":[{"width":2000,"height":1333,"url":"https:\/\/electro-test.be\/wp-content\/uploads\/2025\/05\/DSC00574-scaled.jpg","type":"image\/jpeg"}],"twitter_card":"summary_large_image","twitter_misc":{"Dur\u00e9e de lecture estim\u00e9e":"2 minutes"},"schema":{"@context":"https:\/\/schema.org","@graph":[{"@type":"WebPage","@id":"https:\/\/electro-test.be\/fr\/vacatures\/inspecteur-electricite-installations-residentielles-bruxelles\/","url":"https:\/\/electro-test.be\/fr\/vacatures\/inspecteur-electricite-installations-residentielles-bruxelles\/","name":"Inspecteur \u00c9lectricit\u00e9 \u2013 Installations R\u00e9sidentielles \u2013 Bruxelles - Electro-Test","isPartOf":{"@id":"https:\/\/electro-test.be\/fr\/#website"},"primaryImageOfPage":{"@id":"https:\/\/electro-test.be\/fr\/vacatures\/inspecteur-electricite-installations-residentielles-bruxelles\/#primaryimage"},"image":{"@id":"https:\/\/electro-test.be\/fr\/vacatures\/inspecteur-electricite-installations-residentielles-bruxelles\/#primaryimage"},"thumbnailUrl":"https:\/\/electro-test.be\/wp-content\/uploads\/2025\/05\/DSC00574-scaled.jpg","datePublished":"2025-05-06T10:20:45+00:00","dateModified":"2026-04-21T08:19:18+00:00","inLanguage":"fr-FR","potentialAction":[{"@type":"ReadAction","target":["https:\/\/electro-test.be\/fr\/vacatures\/inspecteur-electricite-installations-residentielles-bruxelles\/"]}]},{"@type":"ImageObject","inLanguage":"fr-FR","@id":"https:\/\/electro-test.be\/fr\/vacatures\/inspecteur-electricite-installations-residentielles-bruxelles\/#primaryimage","url":"https:\/\/electro-test.be\/wp-content\/uploads\/2025\/05\/DSC00574-scaled.jpg","contentUrl":"https:\/\/electro-test.be\/wp-content\/uploads\/2025\/05\/DSC00574-scaled.jpg","width":2000,"height":1333},{"@type":"WebSite","@id":"https:\/\/electro-test.be\/fr\/#website","url":"https:\/\/electro-test.be\/fr\/","name":"Electro-Test","description":"","publisher":{"@id":"https:\/\/electro-test.be\/fr\/#organization"},"potentialAction":[{"@type":"SearchAction","target":{"@type":"EntryPoint","urlTemplate":"https:\/\/electro-test.be\/fr\/?s={search_term_string}"},"query-input":{"@type":"PropertyValueSpecification","valueRequired":true,"valueName":"search_term_string"}}],"inLanguage":"fr-FR"},{"@type":"Organization","@id":"https:\/\/electro-test.be\/fr\/#organization","name":"electroTEST","url":"https:\/\/electro-test.be\/fr\/","logo":{"@type":"ImageObject","inLanguage":"fr-FR","@id":"https:\/\/electro-test.be\/fr\/#\/schema\/logo\/image\/","url":"https:\/\/electro-test.be\/wp-content\/uploads\/2022\/06\/Logo_ET_NL-FR.svg","contentUrl":"https:\/\/electro-test.be\/wp-content\/uploads\/2022\/06\/Logo_ET_NL-FR.svg","width":"1024","height":"1024","caption":"electroTEST"},"image":{"@id":"https:\/\/electro-test.be\/fr\/#\/schema\/logo\/image\/"}}]}},"_links":{"self":[{"href":"https:\/\/electro-test.be\/fr\/wp-json\/wp\/v2\/vacatures\/5641","targetHints":{"allow":["GET"]}}],"collection":[{"href":"https:\/\/electro-test.be\/fr\/wp-json\/wp\/v2\/vacatures"}],"about":[{"href":"https:\/\/electro-test.be\/fr\/wp-json\/wp\/v2\/types\/vacatures"}],"wp:featuredmedia":[{"embeddable":true,"href":"https:\/\/electro-test.be\/fr\/wp-json\/wp\/v2\/media\/5635"}],"wp:attachment":[{"href":"https:\/\/electro-test.be\/fr\/wp-json\/wp\/v2\/media?parent=5641"}],"curies":[{"name":"wp","href":"https:\/\/api.w.org\/{rel}","templated":true}]}}