{"id":5643,"date":"2025-05-06T12:26:04","date_gmt":"2025-05-06T10:26:04","guid":{"rendered":"https:\/\/electro-test.be\/?post_type=vacatures&#038;p=5643"},"modified":"2026-04-21T10:27:07","modified_gmt":"2026-04-21T08:27:07","slug":"inspecteur-electricite-industrie-bruxelles","status":"publish","type":"vacatures","link":"https:\/\/electro-test.be\/fr\/vacatures\/inspecteur-electricite-industrie-bruxelles\/","title":{"rendered":"Inspecteur \u00c9lectricit\u00e9 \u2013 Industrie \u2013 Bruxelles"},"content":{"rendered":"<section class=\"l-section wpb_row height_auto\"><div class=\"l-section-h i-cf\"><div class=\"g-cols vc_row via_flex valign_top type_default stacking_default\"><div class=\"vc_col-sm-12 wpb_column vc_column_container\"><div class=\"vc_column-inner\"><div class=\"wpb_wrapper\"><div class=\"wpb_text_column\"><div class=\"wpb_wrapper\"><p class=\"\" data-start=\"56\" data-end=\"377\"><strong data-start=\"56\" data-end=\"192\">Gr\u00e2ce \u00e0 une forte croissance, nous recherchons un inspecteur en installations \u00e9lectriques industrielles pour renforcer notre \u00e9quipe.<\/strong><br data-start=\"192\" data-end=\"195\" \/>En tant qu\u2019inspecteur \u00e9lectricit\u00e9 \u2013 secteur industriel, vous effectuerez, apr\u00e8s avoir suivi une formation interne, des contr\u00f4les d\u2019installations \u00e9lectriques \u00e0 haute et basse tension.<\/p>\n<h2 data-start=\"379\" data-end=\"399\"><strong data-start=\"379\" data-end=\"397\">VOTRE PROFIL :<\/strong><\/h2>\n<ul data-start=\"400\" data-end=\"937\">\n<li class=\"\" data-start=\"400\" data-end=\"496\">\n<p class=\"\" data-start=\"402\" data-end=\"496\">Dipl\u00f4me : Bachelier ou A1 en \u00e9lectricit\u00e9 ou \u00e9lectrom\u00e9canique, ou \u00e9quivalent par exp\u00e9rience ;<\/p>\n<\/li>\n<li class=\"\" data-start=\"497\" data-end=\"541\">\n<p class=\"\" data-start=\"499\" data-end=\"541\">Lieu de r\u00e9sidence : r\u00e9gion du Limbourg ;<\/p>\n<\/li>\n<li class=\"\" data-start=\"542\" data-end=\"589\">\n<p class=\"\" data-start=\"544\" data-end=\"589\">Personne communicative et orient\u00e9e client ;<\/p>\n<\/li>\n<li class=\"\" data-start=\"590\" data-end=\"602\">\n<p class=\"\" data-start=\"592\" data-end=\"602\">Motiv\u00e9 ;<\/p>\n<\/li>\n<li class=\"\" data-start=\"603\" data-end=\"641\">\n<p class=\"\" data-start=\"605\" data-end=\"641\">La flexibilit\u00e9 est indispensable ;<\/p>\n<\/li>\n<li class=\"\" data-start=\"642\" data-end=\"689\">\n<p class=\"\" data-start=\"644\" data-end=\"689\">Sens de l\u2019initiative et de l\u2019organisation ;<\/p>\n<\/li>\n<li class=\"\" data-start=\"690\" data-end=\"770\">\n<p class=\"\" data-start=\"692\" data-end=\"770\">Tr\u00e8s bonne connaissance du n\u00e9erlandais et connaissance de base du fran\u00e7ais ;<\/p>\n<\/li>\n<li class=\"\" data-start=\"771\" data-end=\"848\">\n<p class=\"\" data-start=\"773\" data-end=\"848\">Ma\u00eetrise pratique des outils informatiques (MS Mail, MS Word, MS Excel) ;<\/p>\n<\/li>\n<li class=\"\" data-start=\"849\" data-end=\"906\">\n<p class=\"\" data-start=\"851\" data-end=\"906\">Une exp\u00e9rience dans le secteur est un atout certain ;<\/p>\n<\/li>\n<li class=\"\" data-start=\"907\" data-end=\"937\">\n<p class=\"\" data-start=\"909\" data-end=\"937\">Permis de conduire B requis.<\/p>\n<\/li>\n<\/ul>\n<h2 data-start=\"939\" data-end=\"958\"><strong data-start=\"939\" data-end=\"956\">NOTRE OFFRE :<\/strong><\/h2>\n<ul data-start=\"959\" data-end=\"1372\">\n<li class=\"\" data-start=\"959\" data-end=\"1119\">\n<p class=\"\" data-start=\"961\" data-end=\"1119\">Vous int\u00e9grez une entreprise \u00e0 taille humaine, tout en profitant des perspectives d\u2019\u00e9volution et des ressources d\u2019un groupe international ;<\/p>\n<\/li>\n<li class=\"\" data-start=\"959\" data-end=\"1119\">\n<p class=\"\" data-start=\"961\" data-end=\"1119\">Vous collaborerez avec des coll\u00e8gues exp\u00e9riment\u00e9s et passionn\u00e9s, experts dans leur domaine ;<\/p>\n<\/li>\n<li class=\"\" data-start=\"1120\" data-end=\"1170\">\n<p class=\"\" data-start=\"1122\" data-end=\"1170\">Un travail autonome avec des responsabilit\u00e9s ;<\/p>\n<\/li>\n<li class=\"\" data-start=\"1171\" data-end=\"1213\">\n<p class=\"\" data-start=\"1173\" data-end=\"1213\">Une fonction vari\u00e9e et enrichissante ;<\/p>\n<\/li>\n<li class=\"\" data-start=\"1214\" data-end=\"1243\">\n<p class=\"\" data-start=\"1216\" data-end=\"1243\">Des formations internes ;<\/p>\n<\/li>\n<li class=\"\" data-start=\"1244\" data-end=\"1372\">\n<p class=\"\" data-start=\"1246\" data-end=\"1372\">Un salaire attractif pour une fonction stimulante, compl\u00e9t\u00e9 par un ensemble d\u2019avantages extral\u00e9gaux et une voiture de soci\u00e9t\u00e9.<\/p>\n<\/li>\n<\/ul>\n<h2 data-start=\"1374\" data-end=\"1474\"><strong data-start=\"1374\" data-end=\"1392\">INT\u00c9RESS\u00c9(E) ?<\/strong><\/h2>\n<p>Envoyez-nous votre CV par email \u00e0 l\u2019adresse suivante : jobs@electro-test.be<\/p>\n<\/div><\/div><\/div><\/div><\/div><\/div><\/div><\/section>\n","protected":false},"featured_media":5638,"template":"","class_list":["post-5643","vacatures","type-vacatures","status-publish","has-post-thumbnail","hentry"],"acf":[],"yoast_head":"<!-- This site is optimized with the Yoast SEO plugin v27.4 - https:\/\/yoast.com\/product\/yoast-seo-wordpress\/ -->\n<title>Inspecteur \u00c9lectricit\u00e9 \u2013 Industrie \u2013 Bruxelles - Electro-Test<\/title>\n<meta name=\"robots\" content=\"index, follow, max-snippet:-1, max-image-preview:large, max-video-preview:-1\" \/>\n<link rel=\"canonical\" href=\"https:\/\/electro-test.be\/fr\/vacatures\/inspecteur-electricite-industrie-bruxelles\/\" \/>\n<meta property=\"og:locale\" content=\"fr_FR\" \/>\n<meta property=\"og:type\" content=\"article\" \/>\n<meta property=\"og:title\" content=\"Inspecteur \u00c9lectricit\u00e9 \u2013 Industrie \u2013 Bruxelles - Electro-Test\" \/>\n<meta property=\"og:url\" content=\"https:\/\/electro-test.be\/fr\/vacatures\/inspecteur-electricite-industrie-bruxelles\/\" \/>\n<meta property=\"og:site_name\" content=\"Electro-Test\" \/>\n<meta property=\"article:modified_time\" content=\"2026-04-21T08:27:07+00:00\" \/>\n<meta property=\"og:image\" content=\"https:\/\/electro-test.be\/wp-content\/uploads\/2025\/05\/DSC09850-scaled.jpg\" \/>\n\t<meta property=\"og:image:width\" content=\"2000\" \/>\n\t<meta property=\"og:image:height\" content=\"1333\" \/>\n\t<meta property=\"og:image:type\" content=\"image\/jpeg\" \/>\n<meta name=\"twitter:card\" content=\"summary_large_image\" \/>\n<meta name=\"twitter:label1\" content=\"Dur\u00e9e de lecture estim\u00e9e\" \/>\n\t<meta name=\"twitter:data1\" content=\"2 minutes\" \/>\n<script type=\"application\/ld+json\" class=\"yoast-schema-graph\">{\"@context\":\"https:\\\/\\\/schema.org\",\"@graph\":[{\"@type\":\"WebPage\",\"@id\":\"https:\\\/\\\/electro-test.be\\\/fr\\\/vacatures\\\/inspecteur-electricite-industrie-bruxelles\\\/\",\"url\":\"https:\\\/\\\/electro-test.be\\\/fr\\\/vacatures\\\/inspecteur-electricite-industrie-bruxelles\\\/\",\"name\":\"Inspecteur \u00c9lectricit\u00e9 \u2013 Industrie \u2013 Bruxelles - Electro-Test\",\"isPartOf\":{\"@id\":\"https:\\\/\\\/electro-test.be\\\/fr\\\/#website\"},\"primaryImageOfPage\":{\"@id\":\"https:\\\/\\\/electro-test.be\\\/fr\\\/vacatures\\\/inspecteur-electricite-industrie-bruxelles\\\/#primaryimage\"},\"image\":{\"@id\":\"https:\\\/\\\/electro-test.be\\\/fr\\\/vacatures\\\/inspecteur-electricite-industrie-bruxelles\\\/#primaryimage\"},\"thumbnailUrl\":\"https:\\\/\\\/electro-test.be\\\/wp-content\\\/uploads\\\/2025\\\/05\\\/DSC09850-scaled.jpg\",\"datePublished\":\"2025-05-06T10:26:04+00:00\",\"dateModified\":\"2026-04-21T08:27:07+00:00\",\"inLanguage\":\"fr-FR\",\"potentialAction\":[{\"@type\":\"ReadAction\",\"target\":[\"https:\\\/\\\/electro-test.be\\\/fr\\\/vacatures\\\/inspecteur-electricite-industrie-bruxelles\\\/\"]}]},{\"@type\":\"ImageObject\",\"inLanguage\":\"fr-FR\",\"@id\":\"https:\\\/\\\/electro-test.be\\\/fr\\\/vacatures\\\/inspecteur-electricite-industrie-bruxelles\\\/#primaryimage\",\"url\":\"https:\\\/\\\/electro-test.be\\\/wp-content\\\/uploads\\\/2025\\\/05\\\/DSC09850-scaled.jpg\",\"contentUrl\":\"https:\\\/\\\/electro-test.be\\\/wp-content\\\/uploads\\\/2025\\\/05\\\/DSC09850-scaled.jpg\",\"width\":2000,\"height\":1333},{\"@type\":\"WebSite\",\"@id\":\"https:\\\/\\\/electro-test.be\\\/fr\\\/#website\",\"url\":\"https:\\\/\\\/electro-test.be\\\/fr\\\/\",\"name\":\"Electro-Test\",\"description\":\"\",\"publisher\":{\"@id\":\"https:\\\/\\\/electro-test.be\\\/fr\\\/#organization\"},\"potentialAction\":[{\"@type\":\"SearchAction\",\"target\":{\"@type\":\"EntryPoint\",\"urlTemplate\":\"https:\\\/\\\/electro-test.be\\\/fr\\\/?s={search_term_string}\"},\"query-input\":{\"@type\":\"PropertyValueSpecification\",\"valueRequired\":true,\"valueName\":\"search_term_string\"}}],\"inLanguage\":\"fr-FR\"},{\"@type\":\"Organization\",\"@id\":\"https:\\\/\\\/electro-test.be\\\/fr\\\/#organization\",\"name\":\"electroTEST\",\"url\":\"https:\\\/\\\/electro-test.be\\\/fr\\\/\",\"logo\":{\"@type\":\"ImageObject\",\"inLanguage\":\"fr-FR\",\"@id\":\"https:\\\/\\\/electro-test.be\\\/fr\\\/#\\\/schema\\\/logo\\\/image\\\/\",\"url\":\"https:\\\/\\\/electro-test.be\\\/wp-content\\\/uploads\\\/2022\\\/06\\\/Logo_ET_NL-FR.svg\",\"contentUrl\":\"https:\\\/\\\/electro-test.be\\\/wp-content\\\/uploads\\\/2022\\\/06\\\/Logo_ET_NL-FR.svg\",\"width\":\"1024\",\"height\":\"1024\",\"caption\":\"electroTEST\"},\"image\":{\"@id\":\"https:\\\/\\\/electro-test.be\\\/fr\\\/#\\\/schema\\\/logo\\\/image\\\/\"}}]}<\/script>\n<!-- \/ Yoast SEO plugin. -->","yoast_head_json":{"title":"Inspecteur \u00c9lectricit\u00e9 \u2013 Industrie \u2013 Bruxelles - Electro-Test","robots":{"index":"index","follow":"follow","max-snippet":"max-snippet:-1","max-image-preview":"max-image-preview:large","max-video-preview":"max-video-preview:-1"},"canonical":"https:\/\/electro-test.be\/fr\/vacatures\/inspecteur-electricite-industrie-bruxelles\/","og_locale":"fr_FR","og_type":"article","og_title":"Inspecteur \u00c9lectricit\u00e9 \u2013 Industrie \u2013 Bruxelles - Electro-Test","og_url":"https:\/\/electro-test.be\/fr\/vacatures\/inspecteur-electricite-industrie-bruxelles\/","og_site_name":"Electro-Test","article_modified_time":"2026-04-21T08:27:07+00:00","og_image":[{"width":2000,"height":1333,"url":"https:\/\/electro-test.be\/wp-content\/uploads\/2025\/05\/DSC09850-scaled.jpg","type":"image\/jpeg"}],"twitter_card":"summary_large_image","twitter_misc":{"Dur\u00e9e de lecture estim\u00e9e":"2 minutes"},"schema":{"@context":"https:\/\/schema.org","@graph":[{"@type":"WebPage","@id":"https:\/\/electro-test.be\/fr\/vacatures\/inspecteur-electricite-industrie-bruxelles\/","url":"https:\/\/electro-test.be\/fr\/vacatures\/inspecteur-electricite-industrie-bruxelles\/","name":"Inspecteur \u00c9lectricit\u00e9 \u2013 Industrie \u2013 Bruxelles - Electro-Test","isPartOf":{"@id":"https:\/\/electro-test.be\/fr\/#website"},"primaryImageOfPage":{"@id":"https:\/\/electro-test.be\/fr\/vacatures\/inspecteur-electricite-industrie-bruxelles\/#primaryimage"},"image":{"@id":"https:\/\/electro-test.be\/fr\/vacatures\/inspecteur-electricite-industrie-bruxelles\/#primaryimage"},"thumbnailUrl":"https:\/\/electro-test.be\/wp-content\/uploads\/2025\/05\/DSC09850-scaled.jpg","datePublished":"2025-05-06T10:26:04+00:00","dateModified":"2026-04-21T08:27:07+00:00","inLanguage":"fr-FR","potentialAction":[{"@type":"ReadAction","target":["https:\/\/electro-test.be\/fr\/vacatures\/inspecteur-electricite-industrie-bruxelles\/"]}]},{"@type":"ImageObject","inLanguage":"fr-FR","@id":"https:\/\/electro-test.be\/fr\/vacatures\/inspecteur-electricite-industrie-bruxelles\/#primaryimage","url":"https:\/\/electro-test.be\/wp-content\/uploads\/2025\/05\/DSC09850-scaled.jpg","contentUrl":"https:\/\/electro-test.be\/wp-content\/uploads\/2025\/05\/DSC09850-scaled.jpg","width":2000,"height":1333},{"@type":"WebSite","@id":"https:\/\/electro-test.be\/fr\/#website","url":"https:\/\/electro-test.be\/fr\/","name":"Electro-Test","description":"","publisher":{"@id":"https:\/\/electro-test.be\/fr\/#organization"},"potentialAction":[{"@type":"SearchAction","target":{"@type":"EntryPoint","urlTemplate":"https:\/\/electro-test.be\/fr\/?s={search_term_string}"},"query-input":{"@type":"PropertyValueSpecification","valueRequired":true,"valueName":"search_term_string"}}],"inLanguage":"fr-FR"},{"@type":"Organization","@id":"https:\/\/electro-test.be\/fr\/#organization","name":"electroTEST","url":"https:\/\/electro-test.be\/fr\/","logo":{"@type":"ImageObject","inLanguage":"fr-FR","@id":"https:\/\/electro-test.be\/fr\/#\/schema\/logo\/image\/","url":"https:\/\/electro-test.be\/wp-content\/uploads\/2022\/06\/Logo_ET_NL-FR.svg","contentUrl":"https:\/\/electro-test.be\/wp-content\/uploads\/2022\/06\/Logo_ET_NL-FR.svg","width":"1024","height":"1024","caption":"electroTEST"},"image":{"@id":"https:\/\/electro-test.be\/fr\/#\/schema\/logo\/image\/"}}]}},"_links":{"self":[{"href":"https:\/\/electro-test.be\/fr\/wp-json\/wp\/v2\/vacatures\/5643","targetHints":{"allow":["GET"]}}],"collection":[{"href":"https:\/\/electro-test.be\/fr\/wp-json\/wp\/v2\/vacatures"}],"about":[{"href":"https:\/\/electro-test.be\/fr\/wp-json\/wp\/v2\/types\/vacatures"}],"wp:featuredmedia":[{"embeddable":true,"href":"https:\/\/electro-test.be\/fr\/wp-json\/wp\/v2\/media\/5638"}],"wp:attachment":[{"href":"https:\/\/electro-test.be\/fr\/wp-json\/wp\/v2\/media?parent=5643"}],"curies":[{"name":"wp","href":"https:\/\/api.w.org\/{rel}","templated":true}]}}